{"id":23760,"date":"2025-03-03T10:10:55","date_gmt":"2025-03-03T09:10:55","guid":{"rendered":"https:\/\/www.meritxellgene.cat\/product\/no-dire-res-de-mi\/"},"modified":"2020-05-12T10:10:55","modified_gmt":"2020-05-12T09:10:55","slug":"no-dire-res-de-mi","status":"publish","type":"product","link":"https:\/\/www.meritxellgene.cat\/es\/producto\/no-dire-res-de-mi\/","title":{"rendered":"No dir\u00e9 res de mi"},"content":{"rendered":"<p>\u00ab<strong>No dir\u00e9 res de mi<\/strong>\u00bb es, adem\u00e1s de una declaraci\u00f3n de intenciones, el sexto disco de Meritxell Gen\u00e9, una recopilaci\u00f3n de trece poemas de Gabriel Ferrater.<\/p>\n<p>El origen de todo ello se encuentra en el espect\u00e1culo \u00abFerrater. G\u00bb, estrenado como clausura del Barnasants 2022 en el Teatro de Sant Cugat del Vall\u00e9s el d\u00eda del quincuag\u00e9simo aniversario de la muerte del poeta (y del centenario de su nacimiento), en el que se recuper\u00f3, con m\u00fasica y danza, el Ferrater m\u00e1s provocador y irreverente.<\/p>\n<p>Si en el \u00faltimo trabajo, \u00abSa tanca d&#8217;all\u00e0 dins\u00bb, Meritxell Gen\u00e9 hablaba desde las propias entra\u00f1as, en esta ocasi\u00f3n es, en palabras del poeta, justo \u00abAl rev\u00e9s\u00bb. Gen\u00e9 se adentra en el Ferrater m\u00e1s melanc\u00f3lico, sin filtros, y se atreve a cantar los versos huidizos (que siempre huyen y siempre vuelven) del poeta, sin decir nada, o quiz\u00e1s s\u00ed, de s\u00ed misma. <\/p>\n<p>Lo hace con un registro inexplorado, con una nueva geometr\u00eda, acompa\u00f1ada de <strong>Pau Guillamet \u201cGuillamino\u201d<\/strong>, en la electr\u00f3nica, y de <strong>Santi Careta<\/strong>, en las guitarras. Un viaje de ida\u2026 y qui\u00e9n sabe si de vuelta. Como un sol que menstrua y no quiere ponerse.  <\/p>\n<p>&nbsp;<\/p>\n","protected":false},"excerpt":{"rendered":"<p>\u00ab<strong>No dir\u00e9 res de mi<\/strong>\u00bb es, adem\u00e1s de una declaraci\u00f3n de intenciones, el sexto disco de Meritxell Gen\u00e9, una recopilaci\u00f3n de trece poemas de Gabriel Ferrater.<\/p>\n<p>El origen de todo ello se encuentra en el espect\u00e1culo \u00abFerrater. G\u00bb, estrenado como clausura del Barnasants 2022 en el Teatro de Sant Cugat del Vall\u00e9s el d\u00eda del quincuag\u00e9simo aniversario de la muerte del poeta (y del centenario de su nacimiento), en el que se recuper\u00f3, con m\u00fasica y danza, el Ferrater m\u00e1s provocador y irreverente.<\/p>\n<p>Si en el \u00faltimo trabajo, \u00abSa tanca d&#8217;all\u00e0 dins\u00bb, Meritxell Gen\u00e9 hablaba desde las propias entra\u00f1as, en esta ocasi\u00f3n es, en palabras del poeta, justo \u00abAl rev\u00e9s\u00bb. Gen\u00e9 se adentra en el Ferrater m\u00e1s melanc\u00f3lico, sin filtros, y se atreve a cantar los versos huidizos (que siempre huyen y siempre vuelven) del poeta, sin decir nada, o quiz\u00e1s s\u00ed, de s\u00ed misma. <\/p>\n<p>Lo hace con un registro inexplorado, con una nueva geometr\u00eda, acompa\u00f1ada de <strong>Pau Guillamet \u201cGuillamino\u201d<\/strong>, en la electr\u00f3nica, y de <strong>Santi Careta<\/strong>, en las guitarras. Un viaje de ida\u2026 y qui\u00e9n sabe si de vuelta. Como un sol que menstrua y no quiere ponerse.  <\/p>\n","protected":false},"featured_media":23586,"comment_status":"open","ping_status":"closed","template":"","meta":[],"product_brand":[],"product_cat":[223],"product_tag":[225,226,224],"class_list":{"0":"post-23760","1":"product","2":"type-product","3":"status-publish","4":"has-post-thumbnail","6":"product_cat-discografia-es","7":"product_tag-collection-es","8":"product_tag-music-es","9":"product_tag-record-es","11":"first","12":"instock","13":"sale","14":"shipping-taxable","15":"purchasable","16":"product-type-simple"},"yoast_head":"<!-- This site is optimized with the Yoast SEO plugin v27.5 - https:\/\/yoast.com\/product\/yoast-seo-wordpress\/ -->\n<title>No dir\u00e9 res de mi | Meritxell Gen\u00e9<\/title>\n<meta name=\"robots\" content=\"index, follow, max-snippet:-1, max-image-preview:large, max-video-preview:-1\" \/>\n<link rel=\"canonical\" href=\"https:\/\/www.meritxellgene.cat\/es\/producto\/no-dire-res-de-mi\/\" \/>\n<meta property=\"og:locale\" content=\"es_ES\" \/>\n<meta property=\"og:type\" content=\"article\" \/>\n<meta property=\"og:title\" content=\"No dir\u00e9 res de mi | Meritxell Gen\u00e9\" \/>\n<meta property=\"og:description\" content=\"\u00abNo dir\u00e9 res de mi\u00bb es, adem\u00e1s de una declaraci\u00f3n de intenciones, el sexto disco de Meritxell Gen\u00e9, una recopilaci\u00f3n de trece poemas de Gabriel Ferrater. El origen de todo ello se encuentra en el espect\u00e1culo \u00abFerrater. G\u00bb, estrenado como clausura del Barnasants 2022 en el Teatro de Sant Cugat del Vall\u00e9s el d\u00eda del quincuag\u00e9simo aniversario de la muerte del poeta (y del centenario de su nacimiento), en el que se recuper\u00f3, con m\u00fasica y danza, el Ferrater m\u00e1s provocador y irreverente. Si en el \u00faltimo trabajo, \u00abSa tanca d&#039;all\u00e0 dins\u00bb, Meritxell Gen\u00e9 hablaba desde las propias entra\u00f1as, en esta ocasi\u00f3n es, en palabras del poeta, justo \u00abAl rev\u00e9s\u00bb. Gen\u00e9 se adentra en el Ferrater m\u00e1s melanc\u00f3lico, sin filtros, y se atreve a cantar los versos huidizos (que siempre huyen y siempre vuelven) del poeta, sin decir nada, o quiz\u00e1s s\u00ed, de s\u00ed misma.  Lo hace con un registro inexplorado, con una nueva geometr\u00eda, acompa\u00f1ada de Pau Guillamet \u201cGuillamino\u201d, en la electr\u00f3nica, y de Santi Careta, en las guitarras. Un viaje de ida\u2026 y qui\u00e9n sabe si de vuelta. Como un sol que menstrua y no quiere ponerse.\" \/>\n<meta property=\"og:url\" content=\"https:\/\/www.meritxellgene.cat\/es\/producto\/no-dire-res-de-mi\/\" \/>\n<meta property=\"og:site_name\" content=\"Meritxell Gen\u00e9\" \/>\n<meta property=\"og:image\" content=\"https:\/\/www.meritxellgene.cat\/wp-content\/uploads\/2025\/02\/no-dire-res-de-mi.jpg\" \/>\n\t<meta property=\"og:image:width\" content=\"400\" \/>\n\t<meta property=\"og:image:height\" content=\"400\" \/>\n\t<meta property=\"og:image:type\" content=\"image\/jpeg\" \/>\n<meta name=\"twitter:card\" content=\"summary_large_image\" \/>\n<meta name=\"twitter:label1\" content=\"Tiempo de lectura\" \/>\n\t<meta name=\"twitter:data1\" content=\"1 minuto\" \/>\n<script type=\"application\/ld+json\" class=\"yoast-schema-graph\">{\"@context\":\"https:\\\/\\\/schema.org\",\"@graph\":[{\"@type\":\"WebPage\",\"@id\":\"https:\\\/\\\/www.meritxellgene.cat\\\/es\\\/producto\\\/no-dire-res-de-mi\\\/\",\"url\":\"https:\\\/\\\/www.meritxellgene.cat\\\/es\\\/producto\\\/no-dire-res-de-mi\\\/\",\"name\":\"No dir\u00e9 res de mi | Meritxell Gen\u00e9\",\"isPartOf\":{\"@id\":\"https:\\\/\\\/www.meritxellgene.cat\\\/es\\\/#website\"},\"primaryImageOfPage\":{\"@id\":\"https:\\\/\\\/www.meritxellgene.cat\\\/es\\\/producto\\\/no-dire-res-de-mi\\\/#primaryimage\"},\"image\":{\"@id\":\"https:\\\/\\\/www.meritxellgene.cat\\\/es\\\/producto\\\/no-dire-res-de-mi\\\/#primaryimage\"},\"thumbnailUrl\":\"https:\\\/\\\/www.meritxellgene.cat\\\/wp-content\\\/uploads\\\/2025\\\/02\\\/no-dire-res-de-mi.jpg\",\"datePublished\":\"2025-03-03T09:10:55+00:00\",\"breadcrumb\":{\"@id\":\"https:\\\/\\\/www.meritxellgene.cat\\\/es\\\/producto\\\/no-dire-res-de-mi\\\/#breadcrumb\"},\"inLanguage\":\"es\",\"potentialAction\":[{\"@type\":\"ReadAction\",\"target\":[\"https:\\\/\\\/www.meritxellgene.cat\\\/es\\\/producto\\\/no-dire-res-de-mi\\\/\"]}]},{\"@type\":\"ImageObject\",\"inLanguage\":\"es\",\"@id\":\"https:\\\/\\\/www.meritxellgene.cat\\\/es\\\/producto\\\/no-dire-res-de-mi\\\/#primaryimage\",\"url\":\"https:\\\/\\\/www.meritxellgene.cat\\\/wp-content\\\/uploads\\\/2025\\\/02\\\/no-dire-res-de-mi.jpg\",\"contentUrl\":\"https:\\\/\\\/www.meritxellgene.cat\\\/wp-content\\\/uploads\\\/2025\\\/02\\\/no-dire-res-de-mi.jpg\",\"width\":400,\"height\":400},{\"@type\":\"BreadcrumbList\",\"@id\":\"https:\\\/\\\/www.meritxellgene.cat\\\/es\\\/producto\\\/no-dire-res-de-mi\\\/#breadcrumb\",\"itemListElement\":[{\"@type\":\"ListItem\",\"position\":1,\"name\":\"Portada\",\"item\":\"https:\\\/\\\/www.meritxellgene.cat\\\/es\\\/\"},{\"@type\":\"ListItem\",\"position\":2,\"name\":\"Tienda\",\"item\":\"https:\\\/\\\/www.meritxellgene.cat\\\/botiga\\\/\"},{\"@type\":\"ListItem\",\"position\":3,\"name\":\"No dir\u00e9 res de mi\"}]},{\"@type\":\"WebSite\",\"@id\":\"https:\\\/\\\/www.meritxellgene.cat\\\/es\\\/#website\",\"url\":\"https:\\\/\\\/www.meritxellgene.cat\\\/es\\\/\",\"name\":\"Meritxell Gen\u00e9\",\"description\":\"\",\"publisher\":{\"@id\":\"https:\\\/\\\/www.meritxellgene.cat\\\/es\\\/#organization\"},\"potentialAction\":[{\"@type\":\"SearchAction\",\"target\":{\"@type\":\"EntryPoint\",\"urlTemplate\":\"https:\\\/\\\/www.meritxellgene.cat\\\/es\\\/?s={search_term_string}\"},\"query-input\":{\"@type\":\"PropertyValueSpecification\",\"valueRequired\":true,\"valueName\":\"search_term_string\"}}],\"inLanguage\":\"es\"},{\"@type\":\"Organization\",\"@id\":\"https:\\\/\\\/www.meritxellgene.cat\\\/es\\\/#organization\",\"name\":\"Meritxell Gen\u00e9\",\"url\":\"https:\\\/\\\/www.meritxellgene.cat\\\/es\\\/\",\"logo\":{\"@type\":\"ImageObject\",\"inLanguage\":\"es\",\"@id\":\"https:\\\/\\\/www.meritxellgene.cat\\\/es\\\/#\\\/schema\\\/logo\\\/image\\\/\",\"url\":\"https:\\\/\\\/www.meritxellgene.cat\\\/wp-content\\\/uploads\\\/2025\\\/01\\\/meritxell-gene-logo02.png\",\"contentUrl\":\"https:\\\/\\\/www.meritxellgene.cat\\\/wp-content\\\/uploads\\\/2025\\\/01\\\/meritxell-gene-logo02.png\",\"width\":400,\"height\":103,\"caption\":\"Meritxell Gen\u00e9\"},\"image\":{\"@id\":\"https:\\\/\\\/www.meritxellgene.cat\\\/es\\\/#\\\/schema\\\/logo\\\/image\\\/\"}}]}<\/script>\n<!-- \/ Yoast SEO plugin. -->","yoast_head_json":{"title":"No dir\u00e9 res de mi | Meritxell Gen\u00e9","robots":{"index":"index","follow":"follow","max-snippet":"max-snippet:-1","max-image-preview":"max-image-preview:large","max-video-preview":"max-video-preview:-1"},"canonical":"https:\/\/www.meritxellgene.cat\/es\/producto\/no-dire-res-de-mi\/","og_locale":"es_ES","og_type":"article","og_title":"No dir\u00e9 res de mi | Meritxell Gen\u00e9","og_description":"\u00abNo dir\u00e9 res de mi\u00bb es, adem\u00e1s de una declaraci\u00f3n de intenciones, el sexto disco de Meritxell Gen\u00e9, una recopilaci\u00f3n de trece poemas de Gabriel Ferrater. El origen de todo ello se encuentra en el espect\u00e1culo \u00abFerrater. G\u00bb, estrenado como clausura del Barnasants 2022 en el Teatro de Sant Cugat del Vall\u00e9s el d\u00eda del quincuag\u00e9simo aniversario de la muerte del poeta (y del centenario de su nacimiento), en el que se recuper\u00f3, con m\u00fasica y danza, el Ferrater m\u00e1s provocador y irreverente. Si en el \u00faltimo trabajo, \u00abSa tanca d'all\u00e0 dins\u00bb, Meritxell Gen\u00e9 hablaba desde las propias entra\u00f1as, en esta ocasi\u00f3n es, en palabras del poeta, justo \u00abAl rev\u00e9s\u00bb. Gen\u00e9 se adentra en el Ferrater m\u00e1s melanc\u00f3lico, sin filtros, y se atreve a cantar los versos huidizos (que siempre huyen y siempre vuelven) del poeta, sin decir nada, o quiz\u00e1s s\u00ed, de s\u00ed misma.  Lo hace con un registro inexplorado, con una nueva geometr\u00eda, acompa\u00f1ada de Pau Guillamet \u201cGuillamino\u201d, en la electr\u00f3nica, y de Santi Careta, en las guitarras. Un viaje de ida\u2026 y qui\u00e9n sabe si de vuelta. Como un sol que menstrua y no quiere ponerse.","og_url":"https:\/\/www.meritxellgene.cat\/es\/producto\/no-dire-res-de-mi\/","og_site_name":"Meritxell Gen\u00e9","og_image":[{"width":400,"height":400,"url":"https:\/\/www.meritxellgene.cat\/wp-content\/uploads\/2025\/02\/no-dire-res-de-mi.jpg","type":"image\/jpeg"}],"twitter_card":"summary_large_image","twitter_misc":{"Tiempo de lectura":"1 minuto"},"schema":{"@context":"https:\/\/schema.org","@graph":[{"@type":"WebPage","@id":"https:\/\/www.meritxellgene.cat\/es\/producto\/no-dire-res-de-mi\/","url":"https:\/\/www.meritxellgene.cat\/es\/producto\/no-dire-res-de-mi\/","name":"No dir\u00e9 res de mi | Meritxell Gen\u00e9","isPartOf":{"@id":"https:\/\/www.meritxellgene.cat\/es\/#website"},"primaryImageOfPage":{"@id":"https:\/\/www.meritxellgene.cat\/es\/producto\/no-dire-res-de-mi\/#primaryimage"},"image":{"@id":"https:\/\/www.meritxellgene.cat\/es\/producto\/no-dire-res-de-mi\/#primaryimage"},"thumbnailUrl":"https:\/\/www.meritxellgene.cat\/wp-content\/uploads\/2025\/02\/no-dire-res-de-mi.jpg","datePublished":"2025-03-03T09:10:55+00:00","breadcrumb":{"@id":"https:\/\/www.meritxellgene.cat\/es\/producto\/no-dire-res-de-mi\/#breadcrumb"},"inLanguage":"es","potentialAction":[{"@type":"ReadAction","target":["https:\/\/www.meritxellgene.cat\/es\/producto\/no-dire-res-de-mi\/"]}]},{"@type":"ImageObject","inLanguage":"es","@id":"https:\/\/www.meritxellgene.cat\/es\/producto\/no-dire-res-de-mi\/#primaryimage","url":"https:\/\/www.meritxellgene.cat\/wp-content\/uploads\/2025\/02\/no-dire-res-de-mi.jpg","contentUrl":"https:\/\/www.meritxellgene.cat\/wp-content\/uploads\/2025\/02\/no-dire-res-de-mi.jpg","width":400,"height":400},{"@type":"BreadcrumbList","@id":"https:\/\/www.meritxellgene.cat\/es\/producto\/no-dire-res-de-mi\/#breadcrumb","itemListElement":[{"@type":"ListItem","position":1,"name":"Portada","item":"https:\/\/www.meritxellgene.cat\/es\/"},{"@type":"ListItem","position":2,"name":"Tienda","item":"https:\/\/www.meritxellgene.cat\/botiga\/"},{"@type":"ListItem","position":3,"name":"No dir\u00e9 res de mi"}]},{"@type":"WebSite","@id":"https:\/\/www.meritxellgene.cat\/es\/#website","url":"https:\/\/www.meritxellgene.cat\/es\/","name":"Meritxell Gen\u00e9","description":"","publisher":{"@id":"https:\/\/www.meritxellgene.cat\/es\/#organization"},"potentialAction":[{"@type":"SearchAction","target":{"@type":"EntryPoint","urlTemplate":"https:\/\/www.meritxellgene.cat\/es\/?s={search_term_string}"},"query-input":{"@type":"PropertyValueSpecification","valueRequired":true,"valueName":"search_term_string"}}],"inLanguage":"es"},{"@type":"Organization","@id":"https:\/\/www.meritxellgene.cat\/es\/#organization","name":"Meritxell Gen\u00e9","url":"https:\/\/www.meritxellgene.cat\/es\/","logo":{"@type":"ImageObject","inLanguage":"es","@id":"https:\/\/www.meritxellgene.cat\/es\/#\/schema\/logo\/image\/","url":"https:\/\/www.meritxellgene.cat\/wp-content\/uploads\/2025\/01\/meritxell-gene-logo02.png","contentUrl":"https:\/\/www.meritxellgene.cat\/wp-content\/uploads\/2025\/01\/meritxell-gene-logo02.png","width":400,"height":103,"caption":"Meritxell Gen\u00e9"},"image":{"@id":"https:\/\/www.meritxellgene.cat\/es\/#\/schema\/logo\/image\/"}}]}},"_links":{"self":[{"href":"https:\/\/www.meritxellgene.cat\/es\/wp-json\/wp\/v2\/product\/23760","targetHints":{"allow":["GET"]}}],"collection":[{"href":"https:\/\/www.meritxellgene.cat\/es\/wp-json\/wp\/v2\/product"}],"about":[{"href":"https:\/\/www.meritxellgene.cat\/es\/wp-json\/wp\/v2\/types\/product"}],"replies":[{"embeddable":true,"href":"https:\/\/www.meritxellgene.cat\/es\/wp-json\/wp\/v2\/comments?post=23760"}],"wp:featuredmedia":[{"embeddable":true,"href":"https:\/\/www.meritxellgene.cat\/es\/wp-json\/wp\/v2\/media\/23586"}],"wp:attachment":[{"href":"https:\/\/www.meritxellgene.cat\/es\/wp-json\/wp\/v2\/media?parent=23760"}],"wp:term":[{"taxonomy":"product_brand","embeddable":true,"href":"https:\/\/www.meritxellgene.cat\/es\/wp-json\/wp\/v2\/product_brand?post=23760"},{"taxonomy":"product_cat","embeddable":true,"href":"https:\/\/www.meritxellgene.cat\/es\/wp-json\/wp\/v2\/product_cat?post=23760"},{"taxonomy":"product_tag","embeddable":true,"href":"https:\/\/www.meritxellgene.cat\/es\/wp-json\/wp\/v2\/product_tag?post=23760"}],"curies":[{"name":"wp","href":"https:\/\/api.w.org\/{rel}","templated":true}]}}